{"id":1250,"date":"2020-05-05T15:31:34","date_gmt":"2020-05-05T15:31:34","guid":{"rendered":"http:\/\/www.uni3venezuela.org.ve\/?page_id=1250"},"modified":"2020-08-13T15:47:35","modified_gmt":"2020-08-13T15:47:35","slug":"yoga-terapeutico","status":"publish","type":"page","link":"https:\/\/www.uni3venezuela.org.ve\/index.php\/yoga-terapeutico\/","title":{"rendered":"Yoga Terap\u00e9utico"},"content":{"rendered":"\n<h1 class=\"title style-scope ytd-video-primary-info-renderer\" style=\"text-align: center;\"><span style=\"color: #000000; font-family: arial, helvetica, sans-serif; font-size: 24pt;\">Rutina de respiraci\u00f3n para fortalecer el aparato respiratorio<\/span><\/h1>\n<p style=\"text-align: center;\"><span style=\"color: #000000; font-family: arial, helvetica, sans-serif;\">V\u00eddeo de ejercicios de respiraci\u00f3n que busca fortalecer el aparato respiratorio, aspecto sumamente importante en estos momentos.<\/span><\/p>\n\n\n\n<figure class=\"wp-block-embed-youtube aligncenter wp-block-embed is-type-video is-provider-youtube wp-embed-aspect-4-3 wp-has-aspect-ratio\"><div class=\"wp-block-embed__wrapper\">\n<iframe loading=\"lazy\" title=\"Yoga com Harinath - Uni3 va a tu casa\/ Rutina de respiraci\u00f3n para fortalecer el aparato respiratorio\" width=\"800\" height=\"600\" src=\"https:\/\/www.youtube.com\/embed\/ox7kzN1EZQY?feature=oembed\" frameborder=\"0\" allow=\"accelerometer; autoplay; encrypted-media; gyroscope; picture-in-picture\" allowfullscreen><\/iframe>\n<\/div><\/figure>\n\n\n\n<h1 class=\"title style-scope ytd-video-primary-info-renderer\" style=\"text-align: center;\"><span style=\"color: #000000; font-family: arial, helvetica, sans-serif; font-size: 24pt;\">Postura de pie para aumentar la concentraci\u00f3n y serenar la mente<\/span><\/h1>\n<p style=\"text-align: center;\"><span style=\"color: #000000; font-family: arial, helvetica, sans-serif;\">V\u00eddeo de postura de pie para estimular y fortalecer el equilibrio f\u00edsico, mental y emocional.<\/span><\/p>\n\n\n\n<figure class=\"wp-block-embed-youtube aligncenter wp-block-embed is-type-video is-provider-youtube wp-embed-aspect-4-3 wp-has-aspect-ratio\"><div class=\"wp-block-embed__wrapper\">\n<iframe loading=\"lazy\" title=\"Yoga con Harinath  Uni3 Venezuela \/ Postura de pie para aumentar la concentraci\u00f3n y serenar la mente\" width=\"800\" height=\"600\" src=\"https:\/\/www.youtube.com\/embed\/IwjRx3O7xSs?feature=oembed\" frameborder=\"0\" allow=\"accelerometer; autoplay; encrypted-media; gyroscope; picture-in-picture\" allowfullscreen><\/iframe>\n<\/div><\/figure>\n\n\n\n<h1 class=\"title style-scope ytd-video-primary-info-renderer\" style=\"text-align: center;\"><span style=\"font-family: arial, helvetica, sans-serif; font-size: 18pt; color: #000000;\">Saludo al Sol sin apoyo de manos en el piso<\/span><\/h1>\n<p style=\"text-align: center;\"><span style=\"font-family: arial, helvetica, sans-serif; color: #000000;\">V\u00eddeo de rutina de Saludo al Sol sin apoyo en piso para personas que presenta dificultad o debilidad en sus mu\u00f1ecas, brazos y hombros.<\/span><\/p>\n\n\n\n<figure class=\"wp-block-embed-youtube aligncenter wp-block-embed is-type-video is-provider-youtube wp-embed-aspect-4-3 wp-has-aspect-ratio\"><div class=\"wp-block-embed__wrapper\">\n<iframe loading=\"lazy\" title=\"Yoga con Harinath - Uni3 Vene3zuela \/ Saludo al Sol sin apoyo de manos en el piso\" width=\"800\" height=\"600\" src=\"https:\/\/www.youtube.com\/embed\/_zSORQnqeTw?feature=oembed\" frameborder=\"0\" allow=\"accelerometer; autoplay; encrypted-media; gyroscope; picture-in-picture\" allowfullscreen><\/iframe>\n<\/div><\/figure>\n\n\n\n<p style=\"text-align: center;\"><span style=\"font-family: arial, helvetica, sans-serif; color: #000000; font-size: 18pt;\">Rutina de yoga para fortalecer las piernas<\/span><\/p>\n<p style=\"text-align: center;\"><span style=\"font-family: arial, helvetica, sans-serif; color: #000000; font-size: 18pt;\">con Harinath<\/span><\/p>\n<p style=\"text-align: justify;\"><span style=\"font-family: arial, helvetica, sans-serif; color: #000000;\">Se trata de una rutina que sirve principalmente para tonificar y fortalecerlas piernas, rodillas, tobillos y caderas, entre otros beneficios<\/span><\/p>\n\n\n\n<figure class=\"wp-block-embed-youtube aligncenter wp-block-embed is-type-video is-provider-youtube wp-embed-aspect-4-3 wp-has-aspect-ratio\"><div class=\"wp-block-embed__wrapper\">\n<iframe loading=\"lazy\" title=\"Yoga con Harinath UNI3 Venezuela \/ Rutina de yoga para fortalecer las piernas.\" width=\"800\" height=\"600\" src=\"https:\/\/www.youtube.com\/embed\/TafMLkNodPA?feature=oembed\" frameborder=\"0\" allow=\"accelerometer; autoplay; encrypted-media; gyroscope; picture-in-picture\" allowfullscreen><\/iframe>\n<\/div><\/figure>\n\n\n\n<figure class=\"wp-block-embed-youtube wp-block-embed is-type-video is-provider-youtube wp-embed-aspect-4-3 wp-has-aspect-ratio\"><div class=\"wp-block-embed__wrapper\">\n<iframe loading=\"lazy\" title=\"Yoga Terap\u00e9utica UNI3 va a tu Casa\" width=\"800\" height=\"600\" src=\"https:\/\/www.youtube.com\/embed\/HeMgmIeAtsE?feature=oembed\" frameborder=\"0\" allow=\"accelerometer; autoplay; encrypted-media; gyroscope; picture-in-picture\" allowfullscreen><\/iframe>\n<\/div><\/figure>\n\n\n\n<h1 style=\"text-align: center;\"><span style=\"font-size: 18pt;\"><strong><span style=\"font-family: arial, helvetica, sans-serif; color: #000000;\">Estimular los chakras medios a superiores<\/span><\/strong><\/span><\/h1>\n<p style=\"text-align: justify;\"><span style=\"font-family: arial, helvetica, sans-serif; color: #000000;\">El siguiente v\u00eddeo busca estimular los chakras medios a superiores para fortalecer nuestro esp\u00edritu manteniendo contacto directo con la energ\u00eda divina de nuestro ser y vencer los miedos, las angustias, las inseguridades y las depresiones que se pudieran estar generando como resultado del aislamiento y encierro por la cuarentena. Dios los bendiga, namaskar.<\/span><\/p>\n\n\n\n<figure class=\"wp-block-embed-youtube wp-block-embed is-type-video is-provider-youtube wp-embed-aspect-4-3 wp-has-aspect-ratio\"><div class=\"wp-block-embed__wrapper\">\n<iframe loading=\"lazy\" title=\"Yoga con Harinath  UNI3 Venezuela \/ Estimular los chakras medios a superiores\" width=\"800\" height=\"600\" src=\"https:\/\/www.youtube.com\/embed\/KzC1xJd9HIs?feature=oembed\" frameborder=\"0\" allow=\"accelerometer; autoplay; encrypted-media; gyroscope; picture-in-picture\" allowfullscreen><\/iframe>\n<\/div><\/figure>\n\n\n\n<div class=\"wp-block-image\"><figure class=\"aligncenter size-large\"><img loading=\"lazy\" decoding=\"async\" width=\"745\" height=\"1024\" src=\"http:\/\/www.uni3venezuela.org.ve\/wp-content\/uploads\/2020\/05\/UNI3-Venezuela-Adulto-Mayor-Harinath-Yoga-Terapeutico-745x1024.jpg\" alt=\"\" class=\"wp-image-1251\" srcset=\"https:\/\/www.uni3venezuela.org.ve\/wp-content\/uploads\/2020\/05\/UNI3-Venezuela-Adulto-Mayor-Harinath-Yoga-Terapeutico-745x1024.jpg 745w, https:\/\/www.uni3venezuela.org.ve\/wp-content\/uploads\/2020\/05\/UNI3-Venezuela-Adulto-Mayor-Harinath-Yoga-Terapeutico-218x300.jpg 218w, https:\/\/www.uni3venezuela.org.ve\/wp-content\/uploads\/2020\/05\/UNI3-Venezuela-Adulto-Mayor-Harinath-Yoga-Terapeutico.jpg 750w\" sizes=\"auto, (max-width: 745px) 100vw, 745px\" \/><\/figure><\/div>\n\n\n","protected":false},"excerpt":{"rendered":"<p>Rutina de respiraci\u00f3n para fortalecer el aparato respiratorio V\u00eddeo de ejercicios de respiraci\u00f3n que busca fortalecer el aparato respiratorio, aspecto<\/p>\n","protected":false},"author":1,"featured_media":0,"parent":0,"menu_order":0,"comment_status":"closed","ping_status":"closed","template":"","meta":{"colormag_page_container_layout":"default_layout","colormag_page_sidebar_layout":"default_layout","footnotes":""},"class_list":["post-1250","page","type-page","status-publish","hentry"],"_links":{"self":[{"href":"https:\/\/www.uni3venezuela.org.ve\/index.php\/wp-json\/wp\/v2\/pages\/1250","targetHints":{"allow":["GET"]}}],"collection":[{"href":"https:\/\/www.uni3venezuela.org.ve\/index.php\/wp-json\/wp\/v2\/pages"}],"about":[{"href":"https:\/\/www.uni3venezuela.org.ve\/index.php\/wp-json\/wp\/v2\/types\/page"}],"author":[{"embeddable":true,"href":"https:\/\/www.uni3venezuela.org.ve\/index.php\/wp-json\/wp\/v2\/users\/1"}],"replies":[{"embeddable":true,"href":"https:\/\/www.uni3venezuela.org.ve\/index.php\/wp-json\/wp\/v2\/comments?post=1250"}],"version-history":[{"count":6,"href":"https:\/\/www.uni3venezuela.org.ve\/index.php\/wp-json\/wp\/v2\/pages\/1250\/revisions"}],"predecessor-version":[{"id":1380,"href":"https:\/\/www.uni3venezuela.org.ve\/index.php\/wp-json\/wp\/v2\/pages\/1250\/revisions\/1380"}],"wp:attachment":[{"href":"https:\/\/www.uni3venezuela.org.ve\/index.php\/wp-json\/wp\/v2\/media?parent=1250"}],"curies":[{"name":"wp","href":"https:\/\/api.w.org\/{rel}","templated":true}]}}